{"id":11550,"date":"2023-05-26T10:54:58","date_gmt":"2023-05-26T10:54:58","guid":{"rendered":"https:\/\/simonschoenhoff.de\/?page_id=11550"},"modified":"2026-03-21T18:24:42","modified_gmt":"2026-03-21T16:24:42","slug":"behind-the-shot","status":"publish","type":"page","link":"https:\/\/simonschoenhoff.de\/en\/behind-the-shot\/","title":{"rendered":"Behind the&nbsp;shot"},"content":{"rendered":"\t\t<div data-elementor-type=\"wp-page\" data-elementor-id=\"11550\" class=\"elementor elementor-11550\" data-elementor-post-type=\"page\">\n\t\t\t\t<div class=\"elementor-element elementor-element-003ed60 e-flex e-con-boxed e-con e-parent\" data-id=\"003ed60\" data-element_type=\"container\" data-e-type=\"container\" data-settings=\"{&quot;background_background&quot;:&quot;classic&quot;}\">\n\t\t\t\t\t<div class=\"e-con-inner\">\n\t\t<div class=\"elementor-element elementor-element-0933af4 e-con-full e-flex e-con e-child\" data-id=\"0933af4\" data-element_type=\"container\" data-e-type=\"container\" data-settings=\"{&quot;motion_fx_motion_fx_scrolling&quot;:&quot;yes&quot;,&quot;motion_fx_translateY_effect&quot;:&quot;yes&quot;,&quot;motion_fx_translateY_direction&quot;:&quot;negative&quot;,&quot;motion_fx_translateY_affectedRange&quot;:{&quot;unit&quot;:&quot;%&quot;,&quot;size&quot;:&quot;&quot;,&quot;sizes&quot;:{&quot;start&quot;:50,&quot;end&quot;:100}},&quot;motion_fx_opacity_effect&quot;:&quot;yes&quot;,&quot;motion_fx_opacity_direction&quot;:&quot;in-out&quot;,&quot;motion_fx_opacity_range&quot;:{&quot;unit&quot;:&quot;%&quot;,&quot;size&quot;:&quot;&quot;,&quot;sizes&quot;:{&quot;start&quot;:50,&quot;end&quot;:80}},&quot;motion_fx_translateY_speed&quot;:{&quot;unit&quot;:&quot;px&quot;,&quot;size&quot;:4,&quot;sizes&quot;:[]},&quot;motion_fx_opacity_level&quot;:{&quot;unit&quot;:&quot;px&quot;,&quot;size&quot;:10,&quot;sizes&quot;:[]},&quot;motion_fx_devices&quot;:[&quot;desktop&quot;,&quot;tablet&quot;,&quot;mobile&quot;]}\">\n\t\t\t\t<div class=\"elementor-element elementor-element-4cc1868 elementor-widget elementor-widget-heading\" data-id=\"4cc1868\" data-element_type=\"widget\" data-e-type=\"widget\" data-widget_type=\"heading.default\">\n\t\t\t\t<div class=\"elementor-widget-container\">\n\t\t\t\t\t<h1 class=\"elementor-heading-title elementor-size-default\"><a href=\"#seite\">Behind the shot<\/a><\/h1>\t\t\t\t<\/div>\n\t\t\t\t<\/div>\n\t\t<div class=\"elementor-element elementor-element-ac5535d e-con-full e-flex e-con e-child\" data-id=\"ac5535d\" data-element_type=\"container\" data-e-type=\"container\">\n\t\t<div class=\"elementor-element elementor-element-ce432e5 e-con-full e-flex e-con e-child\" data-id=\"ce432e5\" data-element_type=\"container\" data-e-type=\"container\">\n\t\t\t\t<div class=\"elementor-element elementor-element-d808f17 elementor-hidden-tablet elementor-hidden-mobile elementor-view-default elementor-widget elementor-widget-icon\" data-id=\"d808f17\" data-element_type=\"widget\" data-e-type=\"widget\" data-widget_type=\"icon.default\">\n\t\t\t\t<div class=\"elementor-widget-container\">\n\t\t\t\t\t\t\t<div class=\"elementor-icon-wrapper\">\n\t\t\t<div class=\"elementor-icon\">\n\t\t\t<i aria-hidden=\"true\" class=\"fas fa-quote-left\"><\/i>\t\t\t<\/div>\n\t\t<\/div>\n\t\t\t\t\t\t<\/div>\n\t\t\t\t<\/div>\n\t\t\t\t<\/div>\n\t\t<div class=\"elementor-element elementor-element-0056322 e-con-full e-flex e-con e-child\" data-id=\"0056322\" data-element_type=\"container\" data-e-type=\"container\">\n\t\t\t\t<div class=\"elementor-element elementor-element-43ba893 elementor-widget elementor-widget-text-editor\" data-id=\"43ba893\" data-element_type=\"widget\" data-e-type=\"widget\" data-widget_type=\"text-editor.default\">\n\t\t\t\t<div class=\"elementor-widget-container\">\n\t\t\t\t\t\t\t\t\t<p style=\"text-align: center;\"><span style=\"color: #ffffff;\">&#8222;The photography does not show the reality, it shows the idea which someone has of it.&#8220; <\/span><br \/><span style=\"font-size: 10pt; color: #ffffff;\">&#8211; Neil Leifer &#8211;\u00a0<\/span><\/p>\t\t\t\t\t\t\t\t<\/div>\n\t\t\t\t<\/div>\n\t\t\t\t<\/div>\n\t\t<div class=\"elementor-element elementor-element-2f5574d e-con-full e-flex e-con e-child\" data-id=\"2f5574d\" data-element_type=\"container\" data-e-type=\"container\">\n\t\t\t\t<div class=\"elementor-element elementor-element-8b0a09c elementor-hidden-tablet elementor-hidden-mobile elementor-view-default elementor-widget elementor-widget-icon\" data-id=\"8b0a09c\" data-element_type=\"widget\" data-e-type=\"widget\" data-widget_type=\"icon.default\">\n\t\t\t\t<div class=\"elementor-widget-container\">\n\t\t\t\t\t\t\t<div class=\"elementor-icon-wrapper\">\n\t\t\t<div class=\"elementor-icon\">\n\t\t\t<i aria-hidden=\"true\" class=\"fas fa-quote-right\"><\/i>\t\t\t<\/div>\n\t\t<\/div>\n\t\t\t\t\t\t<\/div>\n\t\t\t\t<\/div>\n\t\t\t\t<\/div>\n\t\t\t\t<\/div>\n\t\t\t\t<div class=\"elementor-element elementor-element-f44e44a elementor-align-center elementor-widget elementor-widget-button\" data-id=\"f44e44a\" data-element_type=\"widget\" data-e-type=\"widget\" data-widget_type=\"button.default\">\n\t\t\t\t<div class=\"elementor-widget-container\">\n\t\t\t\t\t\t\t\t\t<div class=\"elementor-button-wrapper\">\n\t\t\t\t\t<a class=\"elementor-button elementor-button-link elementor-size-sm elementor-animation-grow\" href=\"#seite\">\n\t\t\t\t\t\t<span class=\"elementor-button-content-wrapper\">\n\t\t\t\t\t\t\t\t\t<span class=\"elementor-button-text\">Entdecken<\/span>\n\t\t\t\t\t<\/span>\n\t\t\t\t\t<\/a>\n\t\t\t\t<\/div>\n\t\t\t\t\t\t\t\t<\/div>\n\t\t\t\t<\/div>\n\t\t\t\t<\/div>\n\t\t\t\t\t<\/div>\n\t\t\t\t<\/div>\n\t\t<div class=\"elementor-element elementor-element-fae1987 e-flex e-con-boxed e-con e-parent\" data-id=\"fae1987\" data-element_type=\"container\" data-e-type=\"container\">\n\t\t\t\t\t<div class=\"e-con-inner\">\n\t\t<div class=\"elementor-element elementor-element-0cbc8cc e-con-full e-flex e-con e-child\" data-id=\"0cbc8cc\" data-element_type=\"container\" data-e-type=\"container\">\n\t\t\t\t<div class=\"elementor-element elementor-element-ac4d0eb elementor-widget elementor-widget-menu-anchor\" data-id=\"ac4d0eb\" data-element_type=\"widget\" data-e-type=\"widget\" data-widget_type=\"menu-anchor.default\">\n\t\t\t\t<div class=\"elementor-widget-container\">\n\t\t\t\t\t\t\t<div class=\"elementor-menu-anchor\" id=\"seite\"><\/div>\n\t\t\t\t\t\t<\/div>\n\t\t\t\t<\/div>\n\t\t\t\t<div class=\"elementor-element elementor-element-b256222 elementor-widget elementor-widget-heading\" data-id=\"b256222\" data-element_type=\"widget\" data-e-type=\"widget\" data-widget_type=\"heading.default\">\n\t\t\t\t<div class=\"elementor-widget-container\">\n\t\t\t\t\t<h2 class=\"elementor-heading-title elementor-size-default\">Behind the shot<\/h2>\t\t\t\t<\/div>\n\t\t\t\t<\/div>\n\t\t\t\t<\/div>\n\t\t\t\t\t<\/div>\n\t\t\t\t<\/div>\n\t\t<div class=\"elementor-element elementor-element-d499503 e-flex e-con-boxed e-con e-parent\" data-id=\"d499503\" data-element_type=\"container\" data-e-type=\"container\">\n\t\t\t\t\t<div class=\"e-con-inner\">\n\t\t<div class=\"elementor-element elementor-element-aa52b79 e-con-full e-flex e-con e-child\" data-id=\"aa52b79\" data-element_type=\"container\" data-e-type=\"container\">\n\t\t\t\t<div class=\"elementor-element elementor-element-8fc4cfe elementor-nav-menu__align-center elementor-nav-menu--dropdown-tablet elementor-nav-menu__text-align-aside elementor-nav-menu--toggle elementor-nav-menu--burger elementor-widget elementor-widget-nav-menu\" data-id=\"8fc4cfe\" data-element_type=\"widget\" data-e-type=\"widget\" data-settings=\"{&quot;layout&quot;:&quot;horizontal&quot;,&quot;submenu_icon&quot;:{&quot;value&quot;:&quot;&lt;i class=\\&quot;fas fa-caret-down\\&quot; aria-hidden=\\&quot;true\\&quot;&gt;&lt;\\\/i&gt;&quot;,&quot;library&quot;:&quot;fa-solid&quot;},&quot;toggle&quot;:&quot;burger&quot;}\" data-widget_type=\"nav-menu.default\">\n\t\t\t\t<div class=\"elementor-widget-container\">\n\t\t\t\t\t\t\t\t<nav aria-label=\"Men\u00fc\" class=\"elementor-nav-menu--main elementor-nav-menu__container elementor-nav-menu--layout-horizontal e--pointer-underline e--animation-fade\">\n\t\t\t\t<ul id=\"menu-1-8fc4cfe\" class=\"elementor-nav-menu\"><li class=\"menu-item menu-item-type-post_type menu-item-object-page menu-item-5078\"><a href=\"https:\/\/simonschoenhoff.de\/en\/blog\/\" class=\"elementor-item\">Alle<\/a><\/li>\n<li class=\"menu-item menu-item-type-post_type menu-item-object-page menu-item-5076\"><a href=\"https:\/\/simonschoenhoff.de\/en\/fotografie-tipps\/\" class=\"elementor-item\">Fotografie-Tipps<\/a><\/li>\n<li class=\"menu-item menu-item-type-post_type menu-item-object-page menu-item-5077\"><a href=\"https:\/\/simonschoenhoff.de\/en\/foto-locations\/\" class=\"elementor-item\">Foto-Locations<\/a><\/li>\n<li class=\"menu-item menu-item-type-post_type menu-item-object-page menu-item-11558\"><a href=\"https:\/\/simonschoenhoff.de\/en\/behind-the-shot\/\" class=\"elementor-item\">Behind the shot<\/a><\/li>\n<li class=\"menu-item menu-item-type-post_type menu-item-object-page menu-item-11567\"><a href=\"https:\/\/simonschoenhoff.de\/en\/how-to\/\" class=\"elementor-item\">How To<\/a><\/li>\n<\/ul>\t\t\t<\/nav>\n\t\t\t\t\t<div class=\"elementor-menu-toggle\" role=\"button\" tabindex=\"0\" aria-label=\"Menu Toggle\" aria-expanded=\"false\">\n\t\t\t<i aria-hidden=\"true\" role=\"presentation\" class=\"elementor-menu-toggle__icon--open eicon-menu-bar\"><\/i><i aria-hidden=\"true\" role=\"presentation\" class=\"elementor-menu-toggle__icon--close eicon-close\"><\/i>\t\t<\/div>\n\t\t\t\t\t<nav class=\"elementor-nav-menu--dropdown elementor-nav-menu__container\" aria-hidden=\"true\">\n\t\t\t\t<ul id=\"menu-2-8fc4cfe\" class=\"elementor-nav-menu\"><li class=\"menu-item menu-item-type-post_type menu-item-object-page menu-item-5078\"><a href=\"https:\/\/simonschoenhoff.de\/en\/blog\/\" class=\"elementor-item\" tabindex=\"-1\">Alle<\/a><\/li>\n<li class=\"menu-item menu-item-type-post_type menu-item-object-page menu-item-5076\"><a href=\"https:\/\/simonschoenhoff.de\/en\/fotografie-tipps\/\" class=\"elementor-item\" tabindex=\"-1\">Fotografie-Tipps<\/a><\/li>\n<li class=\"menu-item menu-item-type-post_type menu-item-object-page menu-item-5077\"><a href=\"https:\/\/simonschoenhoff.de\/en\/foto-locations\/\" class=\"elementor-item\" tabindex=\"-1\">Foto-Locations<\/a><\/li>\n<li class=\"menu-item menu-item-type-post_type menu-item-object-page menu-item-11558\"><a href=\"https:\/\/simonschoenhoff.de\/en\/behind-the-shot\/\" class=\"elementor-item\" tabindex=\"-1\">Behind the shot<\/a><\/li>\n<li class=\"menu-item menu-item-type-post_type menu-item-object-page menu-item-11567\"><a href=\"https:\/\/simonschoenhoff.de\/en\/how-to\/\" class=\"elementor-item\" tabindex=\"-1\">How To<\/a><\/li>\n<\/ul>\t\t\t<\/nav>\n\t\t\t\t\t\t<\/div>\n\t\t\t\t<\/div>\n\t\t\t\t<div class=\"elementor-element elementor-element-6e53a69 elementor-grid-2 elementor-grid-tablet-2 elementor-grid-mobile-1 elementor-posts--thumbnail-top elementor-card-shadow-yes elementor-posts__hover-gradient load-more-align-center elementor-widget elementor-widget-posts\" data-id=\"6e53a69\" data-element_type=\"widget\" data-e-type=\"widget\" data-settings=\"{&quot;cards_columns&quot;:&quot;2&quot;,&quot;pagination_type&quot;:&quot;load_more_on_click&quot;,&quot;cards_columns_tablet&quot;:&quot;2&quot;,&quot;cards_columns_mobile&quot;:&quot;1&quot;,&quot;cards_row_gap&quot;:{&quot;unit&quot;:&quot;px&quot;,&quot;size&quot;:35,&quot;sizes&quot;:[]},&quot;cards_row_gap_tablet&quot;:{&quot;unit&quot;:&quot;px&quot;,&quot;size&quot;:&quot;&quot;,&quot;sizes&quot;:[]},&quot;cards_row_gap_mobile&quot;:{&quot;unit&quot;:&quot;px&quot;,&quot;size&quot;:&quot;&quot;,&quot;sizes&quot;:[]},&quot;load_more_spinner&quot;:{&quot;value&quot;:&quot;fas fa-spinner&quot;,&quot;library&quot;:&quot;fa-solid&quot;}}\" data-widget_type=\"posts.cards\">\n\t\t\t\t<div class=\"elementor-widget-container\">\n\t\t\t\t\t\t\t<div class=\"elementor-posts-container elementor-posts elementor-posts--skin-cards elementor-grid\" role=\"list\">\n\t\t\t\t<article class=\"elementor-post elementor-grid-item post-16646 post type-post status-publish format-standard has-post-thumbnail hentry category-behind-the-shot category-blog category-deutschland category-foto-locations category-fotografie-tipps tag-berchtesgaden tag-foto-spots tag-landschaftsfotografie\" role=\"listitem\">\n\t\t\t<div class=\"elementor-post__card\">\n\t\t\t\t<a class=\"elementor-post__thumbnail__link\" href=\"https:\/\/simonschoenhoff.de\/en\/berchtesgaden-fruehling-geplant-winter-bekommen\/\" tabindex=\"-1\" ><div class=\"elementor-post__thumbnail\"><img fetchpriority=\"high\" decoding=\"async\" width=\"2048\" height=\"1366\" src=\"https:\/\/simonschoenhoff.de\/wp-content\/uploads\/2026\/04\/Berchtesgaden-1-9-2048x1366.jpg\" class=\"attachment-2048x2048 size-2048x2048 wp-image-17452\" alt=\"\" srcset=\"https:\/\/simonschoenhoff.de\/wp-content\/uploads\/2026\/04\/Berchtesgaden-1-9-2048x1366.jpg 2048w, https:\/\/simonschoenhoff.de\/wp-content\/uploads\/2026\/04\/Berchtesgaden-1-9-300x200.jpg 300w, https:\/\/simonschoenhoff.de\/wp-content\/uploads\/2026\/04\/Berchtesgaden-1-9-768x512.jpg 768w, https:\/\/simonschoenhoff.de\/wp-content\/uploads\/2026\/04\/Berchtesgaden-1-9-1536x1024.jpg 1536w, https:\/\/simonschoenhoff.de\/wp-content\/uploads\/2026\/04\/Berchtesgaden-1-9-18x12.jpg 18w, https:\/\/simonschoenhoff.de\/wp-content\/uploads\/2026\/04\/Berchtesgaden-1-9-1200x800.jpg 1200w\" sizes=\"(max-width: 2048px) 100vw, 2048px\" \/><\/div><\/a>\n\t\t\t\t<div class=\"elementor-post__text\">\n\t\t\t\t<h3 class=\"elementor-post__title\">\n\t\t\t<a href=\"https:\/\/simonschoenhoff.de\/en\/berchtesgaden-fruehling-geplant-winter-bekommen\/\" >\n\t\t\t\tBerchtesgaden: Fr\u00fchling geplant, Winter bekommen\t\t\t<\/a>\n\t\t<\/h3>\n\t\t\t\t<div class=\"elementor-post__excerpt\">\n\t\t\t<p>Endlich Berchtesgaden. Endlich Urlaub. Die ersten warmen Sonnenstrahlen einfangen und nebenbei den Fr\u00fchling in den Alpen fotografieren. Doch dann das. Willkommen in der Realit\u00e4t. Statt bl\u00fchender Wiesen gab es \u00fcber Nacht 15 Zentimeter Neuschnee und ein komplettes \u201aWinter Wonderland\u2018. Das hatte ich eigentlich anders geplant und anstelle des Erwachen des Fr\u00fchlings zu dokumentieren stapfte ich jetzt mit meiner Winterausr\u00fcstung durch den Schnee. Die Natur hatte eben andere Pl\u00e4ne \u2013 und uns kurzerhand zur\u00fcck in den tiefsten Winter geschickt.<\/p>\n\t\t<\/div>\n\t\t\t\t\t<div class=\"elementor-post__read-more-wrapper\">\n\t\t\n\t\t<a class=\"elementor-post__read-more\" href=\"https:\/\/simonschoenhoff.de\/en\/berchtesgaden-fruehling-geplant-winter-bekommen\/\" aria-label=\"Read more about Berchtesgaden: Fr\u00fchling geplant, Winter bekommen\" tabindex=\"-1\" >\n\t\t\tLesen \u00bb\t\t<\/a>\n\n\t\t\t\t\t<\/div>\n\t\t\t\t<\/div>\n\t\t\t\t<div class=\"elementor-post__meta-data\">\n\t\t\t\t\t<span class=\"elementor-post-date\">\n\t\t\t24. April 2026\t\t<\/span>\n\t\t\t\t<span class=\"elementor-post-avatar\">\n\t\t\tNo Comments\t\t<\/span>\n\t\t\t\t<\/div>\n\t\t\t\t\t<\/div>\n\t\t<\/article>\n\t\t\t\t<article class=\"elementor-post elementor-grid-item post-15227 post type-post status-publish format-standard has-post-thumbnail hentry category-behind-the-shot category-bildbearbeitung category-blog category-foto-locations category-niederlande category-photoshop tag-bildbearbeitung tag-foto-spots tag-fotografie tag-photoshop tag-tipps\" role=\"listitem\">\n\t\t\t<div class=\"elementor-post__card\">\n\t\t\t\t<a class=\"elementor-post__thumbnail__link\" href=\"https:\/\/simonschoenhoff.de\/en\/time-blending-warum-es-sich-lohnt-nur-auf-ein-bild-zu-konzentrieren\/\" tabindex=\"-1\" ><div class=\"elementor-post__thumbnail\"><img decoding=\"async\" width=\"2048\" height=\"1367\" src=\"https:\/\/simonschoenhoff.de\/wp-content\/uploads\/2025\/08\/Niederlande_Leiden-1-2048x1367.jpg\" class=\"attachment-2048x2048 size-2048x2048 wp-image-15232\" alt=\"\" srcset=\"https:\/\/simonschoenhoff.de\/wp-content\/uploads\/2025\/08\/Niederlande_Leiden-1-2048x1367.jpg 2048w, https:\/\/simonschoenhoff.de\/wp-content\/uploads\/2025\/08\/Niederlande_Leiden-1-300x200.jpg 300w, https:\/\/simonschoenhoff.de\/wp-content\/uploads\/2025\/08\/Niederlande_Leiden-1-768x512.jpg 768w, https:\/\/simonschoenhoff.de\/wp-content\/uploads\/2025\/08\/Niederlande_Leiden-1-1536x1025.jpg 1536w, https:\/\/simonschoenhoff.de\/wp-content\/uploads\/2025\/08\/Niederlande_Leiden-1-18x12.jpg 18w, https:\/\/simonschoenhoff.de\/wp-content\/uploads\/2025\/08\/Niederlande_Leiden-1-1200x801.jpg 1200w\" sizes=\"(max-width: 2048px) 100vw, 2048px\" \/><\/div><\/a>\n\t\t\t\t<div class=\"elementor-post__text\">\n\t\t\t\t<h3 class=\"elementor-post__title\">\n\t\t\t<a href=\"https:\/\/simonschoenhoff.de\/en\/time-blending-warum-es-sich-lohnt-nur-auf-ein-bild-zu-konzentrieren\/\" >\n\t\t\t\tTime-Blending &#8211; Warum es sich lohnt nur auf ein Bild zu konzentrieren\t\t\t<\/a>\n\t\t<\/h3>\n\t\t\t\t<div class=\"elementor-post__excerpt\">\n\t\t\t<p>Der heutige Abend wird ein Kinderspiel. Die Vorhersage f\u00fcr ein Abendrot ist in allen Wettermodellen zu sehen. Ich bin rechtzeitig vor Ort und bin mir ziemlich sicher, was und wie ich es fotografieren m\u00f6chte. Rechtzeitig vor Ort sind Stativ, Kamera und Filter im Nu aufgebaut und das Abendrot ist bereits bei Sonnenuntergang richtig toll ausgepr\u00e4gt. Jetzt noch abwarten, bis es richtig durchknallt. Aber halt mal, ist es zwischen den letzten beiden Aufnahmen bereits etwas abgeklungen? Ja&#8230; und was nun? <\/p>\n\t\t<\/div>\n\t\t\t\t\t<div class=\"elementor-post__read-more-wrapper\">\n\t\t\n\t\t<a class=\"elementor-post__read-more\" href=\"https:\/\/simonschoenhoff.de\/en\/time-blending-warum-es-sich-lohnt-nur-auf-ein-bild-zu-konzentrieren\/\" aria-label=\"Read more about Time-Blending &#8211; Warum es sich lohnt nur auf ein Bild zu konzentrieren\" tabindex=\"-1\" >\n\t\t\tLesen \u00bb\t\t<\/a>\n\n\t\t\t\t\t<\/div>\n\t\t\t\t<\/div>\n\t\t\t\t<div class=\"elementor-post__meta-data\">\n\t\t\t\t\t<span class=\"elementor-post-date\">\n\t\t\t29. August 2025\t\t<\/span>\n\t\t\t\t<span class=\"elementor-post-avatar\">\n\t\t\tNo Comments\t\t<\/span>\n\t\t\t\t<\/div>\n\t\t\t\t\t<\/div>\n\t\t<\/article>\n\t\t\t\t<article class=\"elementor-post elementor-grid-item post-15181 post type-post status-publish format-standard has-post-thumbnail hentry category-behind-the-shot category-blog category-foto-locations category-niederlande tag-foto-spots tag-landschaftsfotografie tag-niederlande tag-windmuehlen\" role=\"listitem\">\n\t\t\t<div class=\"elementor-post__card\">\n\t\t\t\t<a class=\"elementor-post__thumbnail__link\" href=\"https:\/\/simonschoenhoff.de\/en\/niederlandes-klassiker\/\" tabindex=\"-1\" ><div class=\"elementor-post__thumbnail\"><img decoding=\"async\" width=\"2048\" height=\"1366\" src=\"https:\/\/simonschoenhoff.de\/wp-content\/uploads\/2025\/08\/Niederlande_Die_Drei_Windmuehlen-5-2048x1366.jpg\" class=\"attachment-2048x2048 size-2048x2048 wp-image-15167\" alt=\"\" srcset=\"https:\/\/simonschoenhoff.de\/wp-content\/uploads\/2025\/08\/Niederlande_Die_Drei_Windmuehlen-5-2048x1366.jpg 2048w, https:\/\/simonschoenhoff.de\/wp-content\/uploads\/2025\/08\/Niederlande_Die_Drei_Windmuehlen-5-300x200.jpg 300w, https:\/\/simonschoenhoff.de\/wp-content\/uploads\/2025\/08\/Niederlande_Die_Drei_Windmuehlen-5-768x512.jpg 768w, https:\/\/simonschoenhoff.de\/wp-content\/uploads\/2025\/08\/Niederlande_Die_Drei_Windmuehlen-5-1536x1024.jpg 1536w, https:\/\/simonschoenhoff.de\/wp-content\/uploads\/2025\/08\/Niederlande_Die_Drei_Windmuehlen-5-18x12.jpg 18w, https:\/\/simonschoenhoff.de\/wp-content\/uploads\/2025\/08\/Niederlande_Die_Drei_Windmuehlen-5-1200x800.jpg 1200w\" sizes=\"(max-width: 2048px) 100vw, 2048px\" \/><\/div><\/a>\n\t\t\t\t<div class=\"elementor-post__text\">\n\t\t\t\t<h3 class=\"elementor-post__title\">\n\t\t\t<a href=\"https:\/\/simonschoenhoff.de\/en\/niederlandes-klassiker\/\" >\n\t\t\t\tNiederlandes Klassiker\t\t\t<\/a>\n\t\t<\/h3>\n\t\t\t\t<div class=\"elementor-post__excerpt\">\n\t\t\t<p>Oh man, was ist nur mit meinem Timing los? Ph\u00e4nomenales goldenes Licht scheint vor mir auf die Landschaft. Ich schaue auf den Tacho meines Autos. Ich bin schon etwas zu schnell. Und \u00fcberall wimmelt es von Blitzern hier in den Niederlanden. Noch zweimal abbiegen. Verdammt schon wieder eine rote Ampel. Vielleicht h\u00e4lt das Licht ja noch 10 Minuten, wer wei\u00df. Nur noch wenige Meter, dann erreiche ich den Parkplatz, doch da war es erstmal vorbei mit tollem Licht. Doch die Wolken sehen vielversprechend aus. Nur nicht zu fr\u00fch aufgeben, dachte ich mir uns lief los den Weg entlang bei diesen wundersch\u00f6nen Windm\u00fchlen in den Niederlanden.<\/p>\n\t\t<\/div>\n\t\t\t\t\t<div class=\"elementor-post__read-more-wrapper\">\n\t\t\n\t\t<a class=\"elementor-post__read-more\" href=\"https:\/\/simonschoenhoff.de\/en\/niederlandes-klassiker\/\" aria-label=\"Read more about Niederlandes Klassiker\" tabindex=\"-1\" >\n\t\t\tLesen \u00bb\t\t<\/a>\n\n\t\t\t\t\t<\/div>\n\t\t\t\t<\/div>\n\t\t\t\t<div class=\"elementor-post__meta-data\">\n\t\t\t\t\t<span class=\"elementor-post-date\">\n\t\t\t22. August 2025\t\t<\/span>\n\t\t\t\t<span class=\"elementor-post-avatar\">\n\t\t\tNo Comments\t\t<\/span>\n\t\t\t\t<\/div>\n\t\t\t\t\t<\/div>\n\t\t<\/article>\n\t\t\t\t<article class=\"elementor-post elementor-grid-item post-15124 post type-post status-publish format-standard has-post-thumbnail hentry category-behind-the-shot category-blog category-foto-locations category-fotografie-tipps category-niederlande tag-foto-spots tag-fotografie tag-landschaftsfotografie tag-tipps tag-waldfotografie\" role=\"listitem\">\n\t\t\t<div class=\"elementor-post__card\">\n\t\t\t\t<a class=\"elementor-post__thumbnail__link\" href=\"https:\/\/simonschoenhoff.de\/en\/waldfotografie-in-der-blauen-stunde\/\" tabindex=\"-1\" ><div class=\"elementor-post__thumbnail\"><img loading=\"lazy\" decoding=\"async\" width=\"2048\" height=\"1366\" src=\"https:\/\/simonschoenhoff.de\/wp-content\/uploads\/2025\/08\/Niederlande_Wald_Blaue_Stunde_A7402375-2048x1366.jpg\" class=\"attachment-2048x2048 size-2048x2048 wp-image-15115\" alt=\"\" srcset=\"https:\/\/simonschoenhoff.de\/wp-content\/uploads\/2025\/08\/Niederlande_Wald_Blaue_Stunde_A7402375-2048x1366.jpg 2048w, https:\/\/simonschoenhoff.de\/wp-content\/uploads\/2025\/08\/Niederlande_Wald_Blaue_Stunde_A7402375-300x200.jpg 300w, https:\/\/simonschoenhoff.de\/wp-content\/uploads\/2025\/08\/Niederlande_Wald_Blaue_Stunde_A7402375-768x512.jpg 768w, https:\/\/simonschoenhoff.de\/wp-content\/uploads\/2025\/08\/Niederlande_Wald_Blaue_Stunde_A7402375-1536x1024.jpg 1536w, https:\/\/simonschoenhoff.de\/wp-content\/uploads\/2025\/08\/Niederlande_Wald_Blaue_Stunde_A7402375-18x12.jpg 18w, https:\/\/simonschoenhoff.de\/wp-content\/uploads\/2025\/08\/Niederlande_Wald_Blaue_Stunde_A7402375-1200x800.jpg 1200w\" sizes=\"(max-width: 2048px) 100vw, 2048px\" \/><\/div><\/a>\n\t\t\t\t<div class=\"elementor-post__text\">\n\t\t\t\t<h3 class=\"elementor-post__title\">\n\t\t\t<a href=\"https:\/\/simonschoenhoff.de\/en\/waldfotografie-in-der-blauen-stunde\/\" >\n\t\t\t\tWaldfotografie in der Blauen Stunde\t\t\t<\/a>\n\t\t<\/h3>\n\t\t\t\t<div class=\"elementor-post__excerpt\">\n\t\t\t<p>Die letzten Tage war ich mit der Familie in den Niederlanden unterwegs und entdeckte in unmittelbarer N\u00e4he zum Strand ein nettes kleines W\u00e4ldchen mit einigen interessanten B\u00e4umen. Das Wetter in den Tagen war aber so naja. Entweder Sonne pur oder es goss wie aus K\u00fcbeln. Beides wollte mich nicht zum Fotografieren in den Wald nach drau\u00dfen ziehen. Wie k\u00f6nnte ich dennoch zu einigen tollen Aufnahmen kommen? Da kam mir die Idee. Ich gehe dann, wenn die Sonne nicht st\u00f6rt. Blau, diffus, mystisch. In diesem Blog\/Vlog zeige ich euch, warum die Blaue Stunde f\u00fcr Waldfotografie ein untersch\u00e4tzter Zeitraum zum Fotografieren ist. <\/p>\n\t\t<\/div>\n\t\t\t\t\t<div class=\"elementor-post__read-more-wrapper\">\n\t\t\n\t\t<a class=\"elementor-post__read-more\" href=\"https:\/\/simonschoenhoff.de\/en\/waldfotografie-in-der-blauen-stunde\/\" aria-label=\"Read more about Waldfotografie in der Blauen Stunde\" tabindex=\"-1\" >\n\t\t\tLesen \u00bb\t\t<\/a>\n\n\t\t\t\t\t<\/div>\n\t\t\t\t<\/div>\n\t\t\t\t<div class=\"elementor-post__meta-data\">\n\t\t\t\t\t<span class=\"elementor-post-date\">\n\t\t\t15. August 2025\t\t<\/span>\n\t\t\t\t<span class=\"elementor-post-avatar\">\n\t\t\t1 Comment\t\t<\/span>\n\t\t\t\t<\/div>\n\t\t\t\t\t<\/div>\n\t\t<\/article>\n\t\t\t\t<article class=\"elementor-post elementor-grid-item post-14996 post type-post status-publish format-standard has-post-thumbnail hentry category-behind-the-shot category-blog category-foto-locations category-fotografie-tipps category-niederlande tag-duenenfotografie tag-foto-spots tag-fotografie tag-landschaftsfotografie tag-wandern\" role=\"listitem\">\n\t\t\t<div class=\"elementor-post__card\">\n\t\t\t\t<a class=\"elementor-post__thumbnail__link\" href=\"https:\/\/simonschoenhoff.de\/en\/ein-objektiv-fuer-alles\/\" tabindex=\"-1\" ><div class=\"elementor-post__thumbnail\"><img loading=\"lazy\" decoding=\"async\" width=\"2048\" height=\"1366\" src=\"https:\/\/simonschoenhoff.de\/wp-content\/uploads\/2025\/08\/2025-09-Niederlande_Duenen_Heide-16-2048x1366.jpg\" class=\"attachment-2048x2048 size-2048x2048 wp-image-14988\" alt=\"\" srcset=\"https:\/\/simonschoenhoff.de\/wp-content\/uploads\/2025\/08\/2025-09-Niederlande_Duenen_Heide-16-2048x1366.jpg 2048w, https:\/\/simonschoenhoff.de\/wp-content\/uploads\/2025\/08\/2025-09-Niederlande_Duenen_Heide-16-300x200.jpg 300w, https:\/\/simonschoenhoff.de\/wp-content\/uploads\/2025\/08\/2025-09-Niederlande_Duenen_Heide-16-768x512.jpg 768w, https:\/\/simonschoenhoff.de\/wp-content\/uploads\/2025\/08\/2025-09-Niederlande_Duenen_Heide-16-1536x1024.jpg 1536w, https:\/\/simonschoenhoff.de\/wp-content\/uploads\/2025\/08\/2025-09-Niederlande_Duenen_Heide-16-18x12.jpg 18w, https:\/\/simonschoenhoff.de\/wp-content\/uploads\/2025\/08\/2025-09-Niederlande_Duenen_Heide-16-1200x800.jpg 1200w\" sizes=\"(max-width: 2048px) 100vw, 2048px\" \/><\/div><\/a>\n\t\t\t\t<div class=\"elementor-post__text\">\n\t\t\t\t<h3 class=\"elementor-post__title\">\n\t\t\t<a href=\"https:\/\/simonschoenhoff.de\/en\/ein-objektiv-fuer-alles\/\" >\n\t\t\t\tEin Objektiv f\u00fcr alles\t\t\t<\/a>\n\t\t<\/h3>\n\t\t\t\t<div class=\"elementor-post__excerpt\">\n\t\t\t<p>FOMO &#8211; Fear of missing out, auf Deutsch also die Angst davor was zu verpassen. Ich denke, das kennen wir alle, oder? Manchmal ist es bei mir schlimm. Stellt sich tolles Wetter ein und ich muss arbeiten, oder ich bin anderweitig verplant, dann bspw. bekomme ich sie &#8211; die Angst davor eine perfekte Aufnahme zu verpassen. Schnell habe ich deshalb mein Objektiv-Pool erweitert. Von 16 mm bis 400 mm reicht er. Mittlerweile sogar 600 mm. Mit Telekonverter also eigentlich sogar 1200 mm. Alles meistens dabei, um ja keinen Schuss zu verpassen. Was passiert? Man verpasst den Schuss manchmal doch. Objektivwechsel dauern eben. Mit nur einer Brennweite los zu ziehen hilft der Kreativit\u00e4t,  beschr\u00e4nkt auf der einen Seite, gibt aber Freiheit auf der anderen Seite. Wenn ich alle meine Objektive bis auf eins  abgeben m\u00fcsste, welches w\u00fcrde ich behalten?<\/p>\n\t\t<\/div>\n\t\t\t\t\t<div class=\"elementor-post__read-more-wrapper\">\n\t\t\n\t\t<a class=\"elementor-post__read-more\" href=\"https:\/\/simonschoenhoff.de\/en\/ein-objektiv-fuer-alles\/\" aria-label=\"Read more about Ein Objektiv f\u00fcr alles\" tabindex=\"-1\" >\n\t\t\tLesen \u00bb\t\t<\/a>\n\n\t\t\t\t\t<\/div>\n\t\t\t\t<\/div>\n\t\t\t\t<div class=\"elementor-post__meta-data\">\n\t\t\t\t\t<span class=\"elementor-post-date\">\n\t\t\t8. August 2025\t\t<\/span>\n\t\t\t\t<span class=\"elementor-post-avatar\">\n\t\t\tNo Comments\t\t<\/span>\n\t\t\t\t<\/div>\n\t\t\t\t\t<\/div>\n\t\t<\/article>\n\t\t\t\t<article class=\"elementor-post elementor-grid-item post-14964 post type-post status-publish format-standard has-post-thumbnail hentry category-behind-the-shot category-blog category-foto-locations category-niederlande tag-duenenfotografie tag-fotografie tag-landschaftsfotografie tag-seefotografie tag-waldfotografie\" role=\"listitem\">\n\t\t\t<div class=\"elementor-post__card\">\n\t\t\t\t<a class=\"elementor-post__thumbnail__link\" href=\"https:\/\/simonschoenhoff.de\/en\/in-der-natur-in-den-niederlanden\/\" tabindex=\"-1\" ><div class=\"elementor-post__thumbnail\"><img loading=\"lazy\" decoding=\"async\" width=\"2048\" height=\"1366\" src=\"https:\/\/simonschoenhoff.de\/wp-content\/uploads\/2025\/07\/Niederlande_Duenen_See-13-2048x1366.jpg\" class=\"attachment-2048x2048 size-2048x2048 wp-image-14950\" alt=\"\" srcset=\"https:\/\/simonschoenhoff.de\/wp-content\/uploads\/2025\/07\/Niederlande_Duenen_See-13-2048x1366.jpg 2048w, https:\/\/simonschoenhoff.de\/wp-content\/uploads\/2025\/07\/Niederlande_Duenen_See-13-300x200.jpg 300w, https:\/\/simonschoenhoff.de\/wp-content\/uploads\/2025\/07\/Niederlande_Duenen_See-13-768x512.jpg 768w, https:\/\/simonschoenhoff.de\/wp-content\/uploads\/2025\/07\/Niederlande_Duenen_See-13-1536x1024.jpg 1536w, https:\/\/simonschoenhoff.de\/wp-content\/uploads\/2025\/07\/Niederlande_Duenen_See-13-18x12.jpg 18w, https:\/\/simonschoenhoff.de\/wp-content\/uploads\/2025\/07\/Niederlande_Duenen_See-13-1200x800.jpg 1200w\" sizes=\"(max-width: 2048px) 100vw, 2048px\" \/><\/div><\/a>\n\t\t\t\t<div class=\"elementor-post__text\">\n\t\t\t\t<h3 class=\"elementor-post__title\">\n\t\t\t<a href=\"https:\/\/simonschoenhoff.de\/en\/in-der-natur-in-den-niederlanden\/\" >\n\t\t\t\tUnglaublich Vielf\u00e4ltig &#8211; Die D\u00fcnenlandschaft der Niederlande\t\t\t<\/a>\n\t\t<\/h3>\n\t\t\t\t<div class=\"elementor-post__excerpt\">\n\t\t\t<p>Puhh&#8230; da bin ich doch nochmal ins Schwitzen gekommen. Eigentlich war mir schon klar, dass es an diesem Abend fantastische Bedingungen geben sollte. Ich hatte da einen Spot ausgekundschaftet, aber noch keine Zeit gehabt ihn mir vor Ort anzuschauen. Eigentlich sollt es passen, wenn ich fr\u00fchzeitig vor Ort bin und mich etwas umschaue. Dabei hatte ich allerdings die Rechnung ohne meine Kinder gemacht und so blieb zuletzt &#8211; als zweifacher Familienvater &#8211; weniger Zeit als erhofft. Aber seht\/lest selbst.<\/p>\n\t\t<\/div>\n\t\t\t\t\t<div class=\"elementor-post__read-more-wrapper\">\n\t\t\n\t\t<a class=\"elementor-post__read-more\" href=\"https:\/\/simonschoenhoff.de\/en\/in-der-natur-in-den-niederlanden\/\" aria-label=\"Read more about Unglaublich Vielf\u00e4ltig &#8211; Die D\u00fcnenlandschaft der Niederlande\" tabindex=\"-1\" >\n\t\t\tLesen \u00bb\t\t<\/a>\n\n\t\t\t\t\t<\/div>\n\t\t\t\t<\/div>\n\t\t\t\t<div class=\"elementor-post__meta-data\">\n\t\t\t\t\t<span class=\"elementor-post-date\">\n\t\t\t1. August 2025\t\t<\/span>\n\t\t\t\t<span class=\"elementor-post-avatar\">\n\t\t\tNo Comments\t\t<\/span>\n\t\t\t\t<\/div>\n\t\t\t\t\t<\/div>\n\t\t<\/article>\n\t\t\t\t<article class=\"elementor-post elementor-grid-item post-14535 post type-post status-publish format-standard has-post-thumbnail hentry category-behind-the-shot category-bildbearbeitung category-blog category-deutschland category-foto-locations category-fotografie-tipps category-photoshop tag-foto-spots tag-fotografie tag-landschaftsfotografie tag-tipps tag-waldfotografie\" role=\"listitem\">\n\t\t\t<div class=\"elementor-post__card\">\n\t\t\t\t<a class=\"elementor-post__thumbnail__link\" href=\"https:\/\/simonschoenhoff.de\/en\/der-perfekte-morgen-der-einzig-wichtige-tipp-in-der-fotografie\/\" tabindex=\"-1\" ><div class=\"elementor-post__thumbnail\"><img loading=\"lazy\" decoding=\"async\" width=\"2048\" height=\"1366\" src=\"https:\/\/simonschoenhoff.de\/wp-content\/uploads\/2025\/04\/A7408407-Bearbeitet_Magischer-Morgen-im-Wald-2048x1366.jpg\" class=\"attachment-2048x2048 size-2048x2048 wp-image-14513\" alt=\"\" srcset=\"https:\/\/simonschoenhoff.de\/wp-content\/uploads\/2025\/04\/A7408407-Bearbeitet_Magischer-Morgen-im-Wald-2048x1366.jpg 2048w, https:\/\/simonschoenhoff.de\/wp-content\/uploads\/2025\/04\/A7408407-Bearbeitet_Magischer-Morgen-im-Wald-300x200.jpg 300w, https:\/\/simonschoenhoff.de\/wp-content\/uploads\/2025\/04\/A7408407-Bearbeitet_Magischer-Morgen-im-Wald-768x512.jpg 768w, https:\/\/simonschoenhoff.de\/wp-content\/uploads\/2025\/04\/A7408407-Bearbeitet_Magischer-Morgen-im-Wald-1536x1024.jpg 1536w, https:\/\/simonschoenhoff.de\/wp-content\/uploads\/2025\/04\/A7408407-Bearbeitet_Magischer-Morgen-im-Wald-18x12.jpg 18w, https:\/\/simonschoenhoff.de\/wp-content\/uploads\/2025\/04\/A7408407-Bearbeitet_Magischer-Morgen-im-Wald-1200x800.jpg 1200w\" sizes=\"(max-width: 2048px) 100vw, 2048px\" \/><\/div><\/a>\n\t\t\t\t<div class=\"elementor-post__text\">\n\t\t\t\t<h3 class=\"elementor-post__title\">\n\t\t\t<a href=\"https:\/\/simonschoenhoff.de\/en\/der-perfekte-morgen-der-einzig-wichtige-tipp-in-der-fotografie\/\" >\n\t\t\t\tDer perfekte Morgen? &#8211; Der einzig wichtige Tipp in der Fotografie\t\t\t<\/a>\n\t\t<\/h3>\n\t\t\t\t<div class=\"elementor-post__excerpt\">\n\t\t\t<p>Ach, es h\u00e4tte einfach der perfekte Morgen werden k\u00f6nnen. Die Lichtstimmung, die Anwesenheit der perfekten Menge Nebeldunst, das Fr\u00fchlingsgr\u00fcn und ich stehe im gr\u00f6\u00dften B\u00e4rlauchmeer, um Bilder zu machen. Aber die Welt ist nun mal nicht perfekt und so ist es eben, dass einige Stellen voll B\u00e4rlauch den Waldarbeiten im Winter zum Opfer gefallen sind und der sonst so perfekte Morgen nicht auf den H\u00f6hepunkt der B\u00e4rlauchbl\u00fcte gefallen ist. Schade eigentlich. Es sind trotzem einige tolle Bilder entstanden und ich habe einen ganz elementaren Tipp f\u00fcr euch in diesem BLOG\/VLOG! <\/p>\n\t\t<\/div>\n\t\t\t\t\t<div class=\"elementor-post__read-more-wrapper\">\n\t\t\n\t\t<a class=\"elementor-post__read-more\" href=\"https:\/\/simonschoenhoff.de\/en\/der-perfekte-morgen-der-einzig-wichtige-tipp-in-der-fotografie\/\" aria-label=\"Read more about Der perfekte Morgen? &#8211; Der einzig wichtige Tipp in der Fotografie\" tabindex=\"-1\" >\n\t\t\tLesen \u00bb\t\t<\/a>\n\n\t\t\t\t\t<\/div>\n\t\t\t\t<\/div>\n\t\t\t\t<div class=\"elementor-post__meta-data\">\n\t\t\t\t\t<span class=\"elementor-post-date\">\n\t\t\t2. May 2025\t\t<\/span>\n\t\t\t\t<span class=\"elementor-post-avatar\">\n\t\t\tNo Comments\t\t<\/span>\n\t\t\t\t<\/div>\n\t\t\t\t\t<\/div>\n\t\t<\/article>\n\t\t\t\t<article class=\"elementor-post elementor-grid-item post-14417 post type-post status-publish format-standard has-post-thumbnail hentry category-behind-the-shot category-blog category-deutschland category-foto-locations tag-foto-spots tag-fotografie tag-landschaftsfotografie tag-see\" role=\"listitem\">\n\t\t\t<div class=\"elementor-post__card\">\n\t\t\t\t<a class=\"elementor-post__thumbnail__link\" href=\"https:\/\/simonschoenhoff.de\/en\/ein-morgen-am-see\/\" tabindex=\"-1\" ><div class=\"elementor-post__thumbnail\"><img loading=\"lazy\" decoding=\"async\" width=\"2048\" height=\"1366\" src=\"https:\/\/simonschoenhoff.de\/wp-content\/uploads\/2025\/03\/A7406546_Morgens-am-See-2048x1366.jpg\" class=\"attachment-2048x2048 size-2048x2048 wp-image-14431\" alt=\"\" srcset=\"https:\/\/simonschoenhoff.de\/wp-content\/uploads\/2025\/03\/A7406546_Morgens-am-See-2048x1366.jpg 2048w, https:\/\/simonschoenhoff.de\/wp-content\/uploads\/2025\/03\/A7406546_Morgens-am-See-300x200.jpg 300w, https:\/\/simonschoenhoff.de\/wp-content\/uploads\/2025\/03\/A7406546_Morgens-am-See-768x512.jpg 768w, https:\/\/simonschoenhoff.de\/wp-content\/uploads\/2025\/03\/A7406546_Morgens-am-See-1536x1024.jpg 1536w, https:\/\/simonschoenhoff.de\/wp-content\/uploads\/2025\/03\/A7406546_Morgens-am-See-18x12.jpg 18w, https:\/\/simonschoenhoff.de\/wp-content\/uploads\/2025\/03\/A7406546_Morgens-am-See-1200x800.jpg 1200w\" sizes=\"(max-width: 2048px) 100vw, 2048px\" \/><\/div><\/a>\n\t\t\t\t<div class=\"elementor-post__text\">\n\t\t\t\t<h3 class=\"elementor-post__title\">\n\t\t\t<a href=\"https:\/\/simonschoenhoff.de\/en\/ein-morgen-am-see\/\" >\n\t\t\t\tEin Morgen am See\t\t\t<\/a>\n\t\t<\/h3>\n\t\t\t\t<div class=\"elementor-post__excerpt\">\n\t\t\t<p>Obwohl ich im Winter f\u00fcr den Sonnenaufgang wesentlich sp\u00e4ter h\u00e4tte aufstehen m\u00fcssen, als jetzt, wo es schon bald Fr\u00fchling wird, bin ich kaum zum Fotografieren unterwegs gewesen. Aber heute habe ich mich \u00fcberwunden, denn ich wollte eine tr\u00e4umerische Aufnahme an einem See mit Morgenrot aufnehmen. Also raus aus den Federn, solange die Familie noch schl\u00e4ft und los zu einem nicht all zu weit entfernten See.<\/p>\n\t\t<\/div>\n\t\t\t\t\t<div class=\"elementor-post__read-more-wrapper\">\n\t\t\n\t\t<a class=\"elementor-post__read-more\" href=\"https:\/\/simonschoenhoff.de\/en\/ein-morgen-am-see\/\" aria-label=\"Read more about Ein Morgen am See\" tabindex=\"-1\" >\n\t\t\tLesen \u00bb\t\t<\/a>\n\n\t\t\t\t\t<\/div>\n\t\t\t\t<\/div>\n\t\t\t\t<div class=\"elementor-post__meta-data\">\n\t\t\t\t\t<span class=\"elementor-post-date\">\n\t\t\t7. March 2025\t\t<\/span>\n\t\t\t\t<span class=\"elementor-post-avatar\">\n\t\t\tNo Comments\t\t<\/span>\n\t\t\t\t<\/div>\n\t\t\t\t\t<\/div>\n\t\t<\/article>\n\t\t\t\t<article class=\"elementor-post elementor-grid-item post-14143 post type-post status-publish format-standard has-post-thumbnail hentry category-behind-the-shot category-bildbearbeitung category-blog category-deutschland category-foto-locations category-fotografie-tipps category-photoshop tag-foto-spots tag-fotografie tag-landschaftsfotografie tag-waldfotografie\" role=\"listitem\">\n\t\t\t<div class=\"elementor-post__card\">\n\t\t\t\t<a class=\"elementor-post__thumbnail__link\" href=\"https:\/\/simonschoenhoff.de\/en\/fotografieren-wenn-das-wetter-nicht-mitspielt\/\" tabindex=\"-1\" ><div class=\"elementor-post__thumbnail\"><img loading=\"lazy\" decoding=\"async\" width=\"2048\" height=\"1362\" src=\"https:\/\/simonschoenhoff.de\/wp-content\/uploads\/2024\/11\/A7404169-Bearbeitet_Am-Rand-des-Felsen-2048x1362.jpg\" class=\"attachment-2048x2048 size-2048x2048 wp-image-14142\" alt=\"\" srcset=\"https:\/\/simonschoenhoff.de\/wp-content\/uploads\/2024\/11\/A7404169-Bearbeitet_Am-Rand-des-Felsen-2048x1362.jpg 2048w, https:\/\/simonschoenhoff.de\/wp-content\/uploads\/2024\/11\/A7404169-Bearbeitet_Am-Rand-des-Felsen-300x200.jpg 300w, https:\/\/simonschoenhoff.de\/wp-content\/uploads\/2024\/11\/A7404169-Bearbeitet_Am-Rand-des-Felsen-768x511.jpg 768w, https:\/\/simonschoenhoff.de\/wp-content\/uploads\/2024\/11\/A7404169-Bearbeitet_Am-Rand-des-Felsen-1536x1021.jpg 1536w, https:\/\/simonschoenhoff.de\/wp-content\/uploads\/2024\/11\/A7404169-Bearbeitet_Am-Rand-des-Felsen-18x12.jpg 18w, https:\/\/simonschoenhoff.de\/wp-content\/uploads\/2024\/11\/A7404169-Bearbeitet_Am-Rand-des-Felsen-1200x798.jpg 1200w\" sizes=\"(max-width: 2048px) 100vw, 2048px\" \/><\/div><\/a>\n\t\t\t\t<div class=\"elementor-post__text\">\n\t\t\t\t<h3 class=\"elementor-post__title\">\n\t\t\t<a href=\"https:\/\/simonschoenhoff.de\/en\/fotografieren-wenn-das-wetter-nicht-mitspielt\/\" >\n\t\t\t\tFotografieren, wenn das Wetter nicht mitspielt\t\t\t<\/a>\n\t\t<\/h3>\n\t\t\t\t<div class=\"elementor-post__excerpt\">\n\t\t\t<p>Oh man, w\u00e4re ich doch einfach im Bett liegen geblieben. Jetzt liegen 30 min bergauf Wandern in v\u00f6lliger Dunkelheit durch den Pf\u00e4lzerwald und \u00fcber eine Stunde Autofahrt hinter mir und ich stehe hier mitten in der Nebelsuppe, statt wie geplant dar\u00fcber. Dabei waren sich die Wettermodelle doch einig. Nebelh\u00f6he, Morgenr\u00f6te, alles h\u00e4tte passen sollen. Was jetzt? Umdrehen, heimgehen und aufgeben oder durchziehen und schauen, was man mit ein bisschen Kreativit\u00e4t herausholen kann? In diesem BLOG\/VLOG durchschaue ich endlich das automatische Fokus-Bracketing meiner Sony a7IV, gehe in Richtung B\/W-Fine-Art mit meinen Bildern, zeige euch, wie ihr in LR\/PS einfach und schnell zu Schwarz-Wei\u00df-Bildern kommt und beweise euch, dass es keine Option ist aufzugeben und sich immer etwas fotografisch interessantes finden l\u00e4sst!<\/p>\n\t\t<\/div>\n\t\t\t\t\t<div class=\"elementor-post__read-more-wrapper\">\n\t\t\n\t\t<a class=\"elementor-post__read-more\" href=\"https:\/\/simonschoenhoff.de\/en\/fotografieren-wenn-das-wetter-nicht-mitspielt\/\" aria-label=\"Read more about Fotografieren, wenn das Wetter nicht mitspielt\" tabindex=\"-1\" >\n\t\t\tLesen \u00bb\t\t<\/a>\n\n\t\t\t\t\t<\/div>\n\t\t\t\t<\/div>\n\t\t\t\t<div class=\"elementor-post__meta-data\">\n\t\t\t\t\t<span class=\"elementor-post-date\">\n\t\t\t15. November 2024\t\t<\/span>\n\t\t\t\t<span class=\"elementor-post-avatar\">\n\t\t\tNo Comments\t\t<\/span>\n\t\t\t\t<\/div>\n\t\t\t\t\t<\/div>\n\t\t<\/article>\n\t\t\t\t<article class=\"elementor-post elementor-grid-item post-14076 post type-post status-publish format-standard has-post-thumbnail hentry category-behind-the-shot category-bildbearbeitung category-blog category-fotografie-tipps category-how-to category-lightroom category-photoshop\" role=\"listitem\">\n\t\t\t<div class=\"elementor-post__card\">\n\t\t\t\t<a class=\"elementor-post__thumbnail__link\" href=\"https:\/\/simonschoenhoff.de\/en\/pilze-im-wald-fotografieren\/\" tabindex=\"-1\" ><div class=\"elementor-post__thumbnail\"><img loading=\"lazy\" decoding=\"async\" width=\"2048\" height=\"1367\" src=\"https:\/\/simonschoenhoff.de\/wp-content\/uploads\/2024\/11\/A7403812-Bearbeitet_Ein-Maennlein-2048x1367.jpg\" class=\"attachment-2048x2048 size-2048x2048 wp-image-14054\" alt=\"\" srcset=\"https:\/\/simonschoenhoff.de\/wp-content\/uploads\/2024\/11\/A7403812-Bearbeitet_Ein-Maennlein-2048x1367.jpg 2048w, https:\/\/simonschoenhoff.de\/wp-content\/uploads\/2024\/11\/A7403812-Bearbeitet_Ein-Maennlein-300x200.jpg 300w, https:\/\/simonschoenhoff.de\/wp-content\/uploads\/2024\/11\/A7403812-Bearbeitet_Ein-Maennlein-768x513.jpg 768w, https:\/\/simonschoenhoff.de\/wp-content\/uploads\/2024\/11\/A7403812-Bearbeitet_Ein-Maennlein-1536x1025.jpg 1536w, https:\/\/simonschoenhoff.de\/wp-content\/uploads\/2024\/11\/A7403812-Bearbeitet_Ein-Maennlein-18x12.jpg 18w, https:\/\/simonschoenhoff.de\/wp-content\/uploads\/2024\/11\/A7403812-Bearbeitet_Ein-Maennlein-1200x801.jpg 1200w\" sizes=\"(max-width: 2048px) 100vw, 2048px\" \/><\/div><\/a>\n\t\t\t\t<div class=\"elementor-post__text\">\n\t\t\t\t<h3 class=\"elementor-post__title\">\n\t\t\t<a href=\"https:\/\/simonschoenhoff.de\/en\/pilze-im-wald-fotografieren\/\" >\n\t\t\t\tPilze im Wald fotografieren\t\t\t<\/a>\n\t\t<\/h3>\n\t\t\t\t<div class=\"elementor-post__excerpt\">\n\t\t\t<p>Herbstzeit ist Pilz-Zeit. Und obwohl es hie\u00df, dass es in diesem Jahr kein Pilz-Jahr sein sollte, war ich v\u00f6llig \u00fcberrascht, als ich auf meiner Jogging-Runde links und rechts von mir \u00fcberall Pilze sah. Schon beim Laufen dachte ich mir, dass sich ein Besuch im Wald mit der Kamera lohnen sollte. Zuhause richtete mein ich mein Equipment und sah die E-Mail, dass die Sony a7IV jetzt Fokus-Bracketing kann. Das muss ich ausprobieren. Also schnell noch das Update installiert und bevor die Sonne untergeht in den Wald. <\/p>\n\t\t<\/div>\n\t\t\t\t\t<div class=\"elementor-post__read-more-wrapper\">\n\t\t\n\t\t<a class=\"elementor-post__read-more\" href=\"https:\/\/simonschoenhoff.de\/en\/pilze-im-wald-fotografieren\/\" aria-label=\"Read more about Pilze im Wald fotografieren\" tabindex=\"-1\" >\n\t\t\tLesen \u00bb\t\t<\/a>\n\n\t\t\t\t\t<\/div>\n\t\t\t\t<\/div>\n\t\t\t\t<div class=\"elementor-post__meta-data\">\n\t\t\t\t\t<span class=\"elementor-post-date\">\n\t\t\t8. November 2024\t\t<\/span>\n\t\t\t\t<span class=\"elementor-post-avatar\">\n\t\t\tNo Comments\t\t<\/span>\n\t\t\t\t<\/div>\n\t\t\t\t\t<\/div>\n\t\t<\/article>\n\t\t\t\t<article class=\"elementor-post elementor-grid-item post-14007 post type-post status-publish format-standard has-post-thumbnail hentry category-behind-the-shot category-blog category-how-to category-lightroom tag-fotografie tag-landschaftsfotografie tag-lightroom tag-photoshop tag-waldfotografie\" role=\"listitem\">\n\t\t\t<div class=\"elementor-post__card\">\n\t\t\t\t<a class=\"elementor-post__thumbnail__link\" href=\"https:\/\/simonschoenhoff.de\/en\/fokus-stacking-in-photoshop\/\" tabindex=\"-1\" ><div class=\"elementor-post__thumbnail\"><img loading=\"lazy\" decoding=\"async\" width=\"2000\" height=\"1334\" src=\"https:\/\/simonschoenhoff.de\/wp-content\/uploads\/2024\/11\/2024-10-12-Pilze-im-Brettwald_2.jpg\" class=\"attachment-2048x2048 size-2048x2048 wp-image-14006\" alt=\"\" srcset=\"https:\/\/simonschoenhoff.de\/wp-content\/uploads\/2024\/11\/2024-10-12-Pilze-im-Brettwald_2.jpg 2000w, https:\/\/simonschoenhoff.de\/wp-content\/uploads\/2024\/11\/2024-10-12-Pilze-im-Brettwald_2-300x200.jpg 300w, https:\/\/simonschoenhoff.de\/wp-content\/uploads\/2024\/11\/2024-10-12-Pilze-im-Brettwald_2-768x512.jpg 768w, https:\/\/simonschoenhoff.de\/wp-content\/uploads\/2024\/11\/2024-10-12-Pilze-im-Brettwald_2-1536x1025.jpg 1536w, https:\/\/simonschoenhoff.de\/wp-content\/uploads\/2024\/11\/2024-10-12-Pilze-im-Brettwald_2-18x12.jpg 18w, https:\/\/simonschoenhoff.de\/wp-content\/uploads\/2024\/11\/2024-10-12-Pilze-im-Brettwald_2-1200x800.jpg 1200w\" sizes=\"(max-width: 2000px) 100vw, 2000px\" \/><\/div><\/a>\n\t\t\t\t<div class=\"elementor-post__text\">\n\t\t\t\t<h3 class=\"elementor-post__title\">\n\t\t\t<a href=\"https:\/\/simonschoenhoff.de\/en\/fokus-stacking-in-photoshop\/\" >\n\t\t\t\tFokus-Stacking in Photoshop\t\t\t<\/a>\n\t\t<\/h3>\n\t\t\t\t<div class=\"elementor-post__excerpt\">\n\t\t\t<p>Was ist denn das? Als ich joggend an diesem Baumstumpf vorbeilief, hatte ich direkt den Plan f\u00fcr die n\u00e4chste Stunde im Kopf. Ich lief nach Hause, duschte mich schnell ab und fuhr mit dem Fahrrad zur\u00fcck zu der Stelle im Wald. Ich wollte das Abendlicht nutzen, um diesen Baumstumpf samt Kameraausr\u00fcstung erneut einen Besuch abzustatten und ihn zu fotografieren. In diesem VLOG\/BLOG  widmen wir uns dem kompletten Prozess des Fokus-Stackings, von der Aufnahme vor Ort, bis zur Bildbearbeitung in Lightroom und Photoshop. Besonders interessant f\u00fcr die Fotografen unter euch. <\/p>\n\t\t<\/div>\n\t\t\t\t\t<div class=\"elementor-post__read-more-wrapper\">\n\t\t\n\t\t<a class=\"elementor-post__read-more\" href=\"https:\/\/simonschoenhoff.de\/en\/fokus-stacking-in-photoshop\/\" aria-label=\"Read more about Fokus-Stacking in Photoshop\" tabindex=\"-1\" >\n\t\t\tLesen \u00bb\t\t<\/a>\n\n\t\t\t\t\t<\/div>\n\t\t\t\t<\/div>\n\t\t\t\t<div class=\"elementor-post__meta-data\">\n\t\t\t\t\t<span class=\"elementor-post-date\">\n\t\t\t1. November 2024\t\t<\/span>\n\t\t\t\t<span class=\"elementor-post-avatar\">\n\t\t\tNo Comments\t\t<\/span>\n\t\t\t\t<\/div>\n\t\t\t\t\t<\/div>\n\t\t<\/article>\n\t\t\t\t<article class=\"elementor-post elementor-grid-item post-13643 post type-post status-publish format-standard has-post-thumbnail hentry category-behind-the-shot category-blog category-fotografie-tipps tag-landschaftsfotografie tag-waldfotografie\" role=\"listitem\">\n\t\t\t<div class=\"elementor-post__card\">\n\t\t\t\t<a class=\"elementor-post__thumbnail__link\" href=\"https:\/\/simonschoenhoff.de\/en\/waldfotografie-im-regen-ideal-oder-qual\/\" tabindex=\"-1\" ><div class=\"elementor-post__thumbnail\"><img loading=\"lazy\" decoding=\"async\" width=\"2048\" height=\"1366\" src=\"https:\/\/simonschoenhoff.de\/wp-content\/uploads\/2024\/07\/A7401493-Bearbeitet_Der-Ueberlebende-und-der-Ermordete-2048x1366.jpg\" class=\"attachment-2048x2048 size-2048x2048 wp-image-13684\" alt=\"\" srcset=\"https:\/\/simonschoenhoff.de\/wp-content\/uploads\/2024\/07\/A7401493-Bearbeitet_Der-Ueberlebende-und-der-Ermordete-2048x1366.jpg 2048w, https:\/\/simonschoenhoff.de\/wp-content\/uploads\/2024\/07\/A7401493-Bearbeitet_Der-Ueberlebende-und-der-Ermordete-300x200.jpg 300w, https:\/\/simonschoenhoff.de\/wp-content\/uploads\/2024\/07\/A7401493-Bearbeitet_Der-Ueberlebende-und-der-Ermordete-768x512.jpg 768w, https:\/\/simonschoenhoff.de\/wp-content\/uploads\/2024\/07\/A7401493-Bearbeitet_Der-Ueberlebende-und-der-Ermordete-1536x1024.jpg 1536w, https:\/\/simonschoenhoff.de\/wp-content\/uploads\/2024\/07\/A7401493-Bearbeitet_Der-Ueberlebende-und-der-Ermordete-18x12.jpg 18w, https:\/\/simonschoenhoff.de\/wp-content\/uploads\/2024\/07\/A7401493-Bearbeitet_Der-Ueberlebende-und-der-Ermordete-1200x800.jpg 1200w\" sizes=\"(max-width: 2048px) 100vw, 2048px\" \/><\/div><\/a>\n\t\t\t\t<div class=\"elementor-post__text\">\n\t\t\t\t<h3 class=\"elementor-post__title\">\n\t\t\t<a href=\"https:\/\/simonschoenhoff.de\/en\/waldfotografie-im-regen-ideal-oder-qual\/\" >\n\t\t\t\tWaldfotografie im Regen &#8211; Ideal oder Qual?\t\t\t<\/a>\n\t\t<\/h3>\n\t\t\t\t<div class=\"elementor-post__excerpt\">\n\t\t\t<p>Was macht man denn so an einem Sonntagmorgen um 6 Uhr im Sommer? Richtig, man steht tief im Wald im str\u00f6menden Regen. Anstelle mich noch einmal in meine Bettdecke einzudrehen, tropft mir der Regen von Kamera und Nase.  Aber ich will nicht jammern, dieses Schicksal habe ich mir selbst ausgesucht. Ist Regenwetter f\u00fcr die Waldfotografie ideal, oder wird der Morgen zur Qual f\u00fcr mich? Lest\/Seht es selbst im heutigen VLOG\/BLOG<\/p>\n\t\t<\/div>\n\t\t\t\t\t<div class=\"elementor-post__read-more-wrapper\">\n\t\t\n\t\t<a class=\"elementor-post__read-more\" href=\"https:\/\/simonschoenhoff.de\/en\/waldfotografie-im-regen-ideal-oder-qual\/\" aria-label=\"Read more about Waldfotografie im Regen &#8211; Ideal oder Qual?\" tabindex=\"-1\" >\n\t\t\tLesen \u00bb\t\t<\/a>\n\n\t\t\t\t\t<\/div>\n\t\t\t\t<\/div>\n\t\t\t\t<div class=\"elementor-post__meta-data\">\n\t\t\t\t\t<span class=\"elementor-post-date\">\n\t\t\t12. July 2024\t\t<\/span>\n\t\t\t\t<span class=\"elementor-post-avatar\">\n\t\t\t2 Comments\t\t<\/span>\n\t\t\t\t<\/div>\n\t\t\t\t\t<\/div>\n\t\t<\/article>\n\t\t\t\t<\/div>\n\t\t\t\t\t<span class=\"e-load-more-spinner\">\n\t\t\t\t<i aria-hidden=\"true\" class=\"fas fa-spinner\"><\/i>\t\t\t<\/span>\n\t\t\n\t\t\t\t<div class=\"e-load-more-anchor\" data-page=\"1\" data-max-page=\"3\" data-next-page=\"https:\/\/simonschoenhoff.de\/en\/wp-json\/wp\/v2\/pages\/11550\/page\/2\/\"><\/div>\n\t\t\t\t<div class=\"elementor-button-wrapper\">\n\t\t\t<a class=\"elementor-button elementor-size-sm\" role=\"button\">\n\t\t\t\t\t\t<span class=\"elementor-button-content-wrapper\">\n\t\t\t\t\t\t\t\t\t<span class=\"elementor-button-text\">Mehr Beitr\u00e4ge laden<\/span>\n\t\t\t\t\t<\/span>\n\t\t\t\t\t<\/a>\n\t\t<\/div>\n\t\t\t\t<div class=\"e-load-more-message\"><\/div>\n\t\t\t\t\t\t<\/div>\n\t\t\t\t<\/div>\n\t\t\t\t<\/div>\n\t\t\t\t\t<\/div>\n\t\t\t\t<\/div>\n\t\t<div class=\"elementor-element elementor-element-e2eed92 e-flex e-con-boxed e-con e-parent\" data-id=\"e2eed92\" data-element_type=\"container\" data-e-type=\"container\" data-settings=\"{&quot;background_background&quot;:&quot;classic&quot;}\">\n\t\t\t\t\t<div class=\"e-con-inner\">\n\t\t<div class=\"elementor-element elementor-element-e209c3b e-con-full e-flex e-con e-child\" data-id=\"e209c3b\" data-element_type=\"container\" data-e-type=\"container\" data-settings=\"{&quot;background_background&quot;:&quot;classic&quot;}\">\n\t\t\t\t<div class=\"elementor-element elementor-element-6da894d elementor-view-default elementor-widget elementor-widget-icon\" data-id=\"6da894d\" data-element_type=\"widget\" data-e-type=\"widget\" data-widget_type=\"icon.default\">\n\t\t\t\t<div class=\"elementor-widget-container\">\n\t\t\t\t\t\t\t<div class=\"elementor-icon-wrapper\">\n\t\t\t<div class=\"elementor-icon\">\n\t\t\t<i aria-hidden=\"true\" class=\"far fa-envelope\"><\/i>\t\t\t<\/div>\n\t\t<\/div>\n\t\t\t\t\t\t<\/div>\n\t\t\t\t<\/div>\n\t\t\t\t<div class=\"elementor-element elementor-element-fb7c03f elementor-widget elementor-widget-heading\" data-id=\"fb7c03f\" data-element_type=\"widget\" data-e-type=\"widget\" data-widget_type=\"heading.default\">\n\t\t\t\t<div class=\"elementor-widget-container\">\n\t\t\t\t\t<h1 class=\"elementor-heading-title elementor-size-default\">Abonniere meinen newsletter<\/h1>\t\t\t\t<\/div>\n\t\t\t\t<\/div>\n\t\t\t\t<div class=\"elementor-element elementor-element-a40133b elementor-widget elementor-widget-heading\" data-id=\"a40133b\" data-element_type=\"widget\" data-e-type=\"widget\" data-widget_type=\"heading.default\">\n\t\t\t\t<div class=\"elementor-widget-container\">\n\t\t\t\t\t<h5 class=\"elementor-heading-title elementor-size-default\">Bleibe per E-Mail auf dem Laufenden \u00fcber meine Arbeit<\/h5>\t\t\t\t<\/div>\n\t\t\t\t<\/div>\n\t\t\t\t<div class=\"elementor-element elementor-element-8bc001a elementor-widget elementor-widget-shortcode\" data-id=\"8bc001a\" data-element_type=\"widget\" data-e-type=\"widget\" data-widget_type=\"shortcode.default\">\n\t\t\t\t<div class=\"elementor-widget-container\">\n\t\t\t\t\t\t\t<div class=\"elementor-shortcode\"><div class=\"tnp tnp-subscription-minimal  \"><form action=\"https:\/\/simonschoenhoff.de\/wp-admin\/admin-ajax.php?action=tnp&amp;na=s\" method=\"post\" style=\"text-align: center\"><input type=\"hidden\" name=\"nr\" value=\"minimal\">\n<input type=\"hidden\" name=\"nlang\" value=\"\">\n<input class=\"tnp-email\" type=\"email\" required name=\"ne\" value=\"\" placeholder=\"Email\"><input class=\"tnp-submit\" type=\"submit\" value=\"Abonnieren\" style=\"\">\n<div class=\"tnp-field tnp-privacy-field\"><label><input type=\"checkbox\" name=\"ny\" required class=\"tnp-privacy\"> <a target=\"_blank\" href=\"https:\/\/simonschoenhoff.de\/en\/privacy-policy\/\">Datenschutzerkl\u00e4rung akzeptieren.<\/a><\/label><\/div><\/form><\/div>\n<\/div>\n\t\t\t\t\t\t<\/div>\n\t\t\t\t<\/div>\n\t\t\t\t<\/div>\n\t\t\t\t\t<\/div>\n\t\t\t\t<\/div>\n\t\t<div class=\"elementor-element elementor-element-6ef2a74 e-flex e-con-boxed e-con e-parent\" data-id=\"6ef2a74\" data-element_type=\"container\" data-e-type=\"container\">\n\t\t\t\t\t<div class=\"e-con-inner\">\n\t\t<div class=\"elementor-element elementor-element-cdfb9c3 e-con-full e-flex e-con e-child\" data-id=\"cdfb9c3\" data-element_type=\"container\" data-e-type=\"container\">\n\t\t\t\t<div class=\"elementor-element elementor-element-6435bd8 elementor-align-center elementor-widget elementor-widget-button\" data-id=\"6435bd8\" data-element_type=\"widget\" data-e-type=\"widget\" data-widget_type=\"button.default\">\n\t\t\t\t<div class=\"elementor-widget-container\">\n\t\t\t\t\t\t\t\t\t<div class=\"elementor-button-wrapper\">\n\t\t\t\t\t<a class=\"elementor-button elementor-button-link elementor-size-sm\" href=\"http:\/\/simonschoenhoff.de\/portfolio\/\">\n\t\t\t\t\t\t<span class=\"elementor-button-content-wrapper\">\n\t\t\t\t\t\t\t\t\t<span class=\"elementor-button-text\">Zu meinem Portfolio<\/span>\n\t\t\t\t\t<\/span>\n\t\t\t\t\t<\/a>\n\t\t\t\t<\/div>\n\t\t\t\t\t\t\t\t<\/div>\n\t\t\t\t<\/div>\n\t\t\t\t<\/div>\n\t\t\t\t\t<\/div>\n\t\t\t\t<\/div>\n\t\t\t\t<\/div>\n\t\t","protected":false},"excerpt":{"rendered":"<p>Behind the shot \u201eThe photo\u00adgraphy does not show the reality, it shows the idea which someone has of it.\u201c \u2013 Neil Leifer \u2013&nbsp; Entde\u00adcken Abon\u00adniere meinen news\u00adletter Bleibe per E\u2011Mail auf dem Laufenden \u00fcber meine Arbeit Zu meinem Portfolio<\/p>","protected":false},"author":1,"featured_media":11487,"parent":0,"menu_order":0,"comment_status":"closed","ping_status":"closed","template":"","meta":{"wp_typography_post_enhancements_disabled":false,"footnotes":""},"class_list":["post-11550","page","type-page","status-publish","has-post-thumbnail","hentry"],"_links":{"self":[{"href":"https:\/\/simonschoenhoff.de\/en\/wp-json\/wp\/v2\/pages\/11550","targetHints":{"allow":["GET"]}}],"collection":[{"href":"https:\/\/simonschoenhoff.de\/en\/wp-json\/wp\/v2\/pages"}],"about":[{"href":"https:\/\/simonschoenhoff.de\/en\/wp-json\/wp\/v2\/types\/page"}],"author":[{"embeddable":true,"href":"https:\/\/simonschoenhoff.de\/en\/wp-json\/wp\/v2\/users\/1"}],"replies":[{"embeddable":true,"href":"https:\/\/simonschoenhoff.de\/en\/wp-json\/wp\/v2\/comments?post=11550"}],"version-history":[{"count":19,"href":"https:\/\/simonschoenhoff.de\/en\/wp-json\/wp\/v2\/pages\/11550\/revisions"}],"predecessor-version":[{"id":16403,"href":"https:\/\/simonschoenhoff.de\/en\/wp-json\/wp\/v2\/pages\/11550\/revisions\/16403"}],"wp:featuredmedia":[{"embeddable":true,"href":"https:\/\/simonschoenhoff.de\/en\/wp-json\/wp\/v2\/media\/11487"}],"wp:attachment":[{"href":"https:\/\/simonschoenhoff.de\/en\/wp-json\/wp\/v2\/media?parent=11550"}],"curies":[{"name":"wp","href":"https:\/\/api.w.org\/{rel}","templated":true}]}}